{"version":"1.0","provider_name":"LA BRAVA RADIO","provider_url":"https:\/\/www.bbmnoticias.com\/labravaradiofm","author_name":"Agencias","author_url":"https:\/\/www.bbmnoticias.com\/labravaradiofm\/author\/agencias\/","title":"Anuncian frijol del Bienestar - LA BRAVA RADIO","type":"rich","width":600,"height":338,"html":"<blockquote class=\"wp-embedded-content\" data-secret=\"KXC4H7WmIm\"><a href=\"https:\/\/www.bbmnoticias.com\/labravaradiofm\/2025\/11\/14\/anuncian-frijol-del-bienestar\/\">Anuncian frijol del Bienestar<\/a><\/blockquote><iframe sandbox=\"allow-scripts\" security=\"restricted\" src=\"https:\/\/www.bbmnoticias.com\/labravaradiofm\/2025\/11\/14\/anuncian-frijol-del-bienestar\/embed\/#?secret=KXC4H7WmIm\" width=\"600\" height=\"338\" title=\"&#8220;Anuncian frijol del Bienestar&#8221; &#8212; LA BRAVA RADIO\" data-secret=\"KXC4H7WmIm\" frameborder=\"0\" marginwidth=\"0\" marginheight=\"0\" scrolling=\"no\" class=\"wp-embedded-content\"><\/iframe><script type=\"text\/javascript\">\n\/* <![CDATA[ *\/\n\/*! This file is auto-generated *\/\n!function(d,l){\"use strict\";l.querySelector&&d.addEventListener&&\"undefined\"!=typeof URL&&(d.wp=d.wp||{},d.wp.receiveEmbedMessage||(d.wp.receiveEmbedMessage=function(e){var t=e.data;if((t||t.secret||t.message||t.value)&&!\/[^a-zA-Z0-9]\/.test(t.secret)){for(var s,r,n,a=l.querySelectorAll('iframe[data-secret=\"'+t.secret+'\"]'),o=l.querySelectorAll('blockquote[data-secret=\"'+t.secret+'\"]'),c=new RegExp(\"^https?:$\",\"i\"),i=0;i<o.length;i++)o[i].style.display=\"none\";for(i=0;i<a.length;i++)s=a[i],e.source===s.contentWindow&&(s.removeAttribute(\"style\"),\"height\"===t.message?(1e3<(r=parseInt(t.value,10))?r=1e3:~~r<200&&(r=200),s.height=r):\"link\"===t.message&&(r=new URL(s.getAttribute(\"src\")),n=new URL(t.value),c.test(n.protocol))&&n.host===r.host&&l.activeElement===s&&(d.top.location.href=t.value))}},d.addEventListener(\"message\",d.wp.receiveEmbedMessage,!1),l.addEventListener(\"DOMContentLoaded\",function(){for(var e,t,s=l.querySelectorAll(\"iframe.wp-embedded-content\"),r=0;r<s.length;r++)(t=(e=s[r]).getAttribute(\"data-secret\"))||(t=Math.random().toString(36).substring(2,12),e.src+=\"#?secret=\"+t,e.setAttribute(\"data-secret\",t)),e.contentWindow.postMessage({message:\"ready\",secret:t},\"*\")},!1)))}(window,document);\n\/\/# sourceURL=https:\/\/www.bbmnoticias.com\/labravaradiofm\/wp-includes\/js\/wp-embed.min.js\n\/* ]]> *\/\n<\/script>\n","thumbnail_url":"https:\/\/www.bbmnoticias.com\/labravaradiofm\/wp-content\/uploads\/sites\/5\/2025\/11\/frijol_bienestar.jpg","thumbnail_width":848,"thumbnail_height":477,"description":"Los d\u00edas 14 y 15 de noviembre en el monumento a la Revoluci\u00f3n de la Ciudad de M\u00e9xico se realizar\u00e1 la feria del frijol anunci\u00f3 Mar\u00eda Luisa Albores, directora general de Alimentaci\u00f3n para el Bienestar. En la conferencia de prensa de la presidenta Claudia Sheinbaum, la secretaria Mar\u00eda Luis Albores dijo que la feria del [&hellip;]"}